{"id":25,"date":"2013-05-19T18:04:06","date_gmt":"2013-05-19T17:04:06","guid":{"rendered":"http:\/\/www.analysedepratique.org\/?page_id=25"},"modified":"2026-04-18T10:37:26","modified_gmt":"2026-04-18T09:37:26","slug":"nouveautes","status":"publish","type":"page","link":"https:\/\/www.analysedepratique.org\/?page_id=25","title":{"rendered":"Infos"},"content":{"rendered":"<h3><span style=\"color: #ffffff;\">.<\/span><strong><br \/>\nActualit\u00e9s<\/strong><\/h3>\n<h3><em>2026 :<\/em><\/h3>\n<p>Le num\u00e9ro 29 sera un num\u00e9ro Varia regroupant diverses contributions.<br \/>\nIl para\u00eetra en automne 2026.<br \/>\nMerci aux personnes int\u00e9ress\u00e9es de nous envoyer un projet de texte. Tous les d\u00e9tails concernant ces num\u00e9ros th\u00e9matiques sont disponibles sur le site internet de la Revue \u00e0 la page <a href=\"https:\/\/www.analysedepratique.org\/?page_id=37\"><strong>PUBLIER<\/strong><\/a>.<\/p>\n<p>&nbsp;<\/p>\n<h3><strong>Collaborations<\/strong><\/h3>\n<h3><em>Depuis sa cr\u00e9ation en 2013\u00a0:<\/em><\/h3>\n<p style=\"text-align: justify;\"><strong><a href=\"https:\/\/www.analysedepratique.org\/\">La Revue de l\u2019Analyse de Pratiques Professionnelles<\/a><\/strong> collabore avec <strong><a href=\"https:\/\/www.analysedepratique.org\/?p=3509\">le r\u00e9seau GFAPP<\/a><\/strong> (Groupes de formation \u00e0 l\u2019analyse de pratiques professionnelles). Ce r\u00e9seau ouvert aux animateurs et animatrices de groupes d\u2019APP organise des rencontres sous forme de s\u00e9minaires et des \u00e9changes \u00e0 distance pour ses membres. Les fondateurs de la Revue de l\u2019Analyse de Pratiques Professionnelles font tous partie de ce r\u00e9seau.<\/p>\n<h3 style=\"text-align: justify;\"><em>Depuis juin 2020\u00a0:<\/em><\/h3>\n<p style=\"text-align: justify;\"><strong><a href=\"https:\/\/www.analysedepratique.org\/\">La Revue de l\u2019Analyse de Pratiques Professionnelles<\/a><\/strong> et <strong><a href=\"https:\/\/www.aqcp.org\/\">l\u2019Association qu\u00e9b\u00e9coise du d\u00e9veloppement professionnel<\/a><\/strong> (AQCP) qui publie la revue <strong><a href=\"https:\/\/www.aqcp.org\/le-codeveloppeur\/\">Le Cod\u00e9veloppeur<\/a><\/strong> ont d\u00e9velopp\u00e9 une entente de collaboration visant \u00e0 promouvoir leurs publications aupr\u00e8s de leurs lecteurs respectifs et \u00e0 collaborer au gr\u00e9 des occasions dans leurs activit\u00e9s de publication.<\/p>\n<p><a href=\"https:\/\/www.analysedepratique.org\/wp-content\/uploads\/Logo-AQCP-2022.png\" rel=\"prettyPhoto[25]\"><img loading=\"lazy\" decoding=\"async\" class=\"alignnone size-full wp-image-5432\" src=\"https:\/\/www.analysedepratique.org\/wp-content\/uploads\/Logo-AQCP-2022.png\" alt=\"\" width=\"272\" height=\"136\" \/><\/a><\/p>\n<p>&nbsp;<\/p>\n<h3><strong>Statistiques g\u00e9n\u00e9rales<\/strong><\/h3>\n<p><strong><section id=\"text-11\" class=\"widget widget_text amr_widget\"><span style=\"display: none\">Statistiques<\/span>\t\t\t<div class=\"textwidget\"><p>-&gt; 18 avril 2026<\/p>\n<p>Articles publi\u00e9s : 205<br \/>\nAuteurs : 149<br \/>\nAbonn\u00e9s : 3254<br \/>\nPages consult\u00e9es : 1\u202f&rsquo;052&rsquo;\u202f892<br \/>\nVisiteurs : de 180 pays<\/p>\n<\/div>\n\t\t<\/section><\/strong><\/p>\n<p>&nbsp;<\/p>\n<h3><strong>Commentaires sur le site<\/strong><\/h3>\n<p><span style=\"color: #ffffff;\">.<\/span><br \/>\nPour les commentaires, feed-back et questions\u00a0sur un texte particulier,<br \/>\nveuillez utiliser l&rsquo;espace \u00ab\u00a0Commentaires\u00a0\u00bb au bas de chaque article.<\/p>\n<p>Pour laisser un commentaire plus g\u00e9n\u00e9ral sur la revue :<\/p>\n<a href=\"http:\/\/www.analysedepratique.org\/?p=728\" class=\"shortcode button  \" style=\"background-color: silver;\" target=\"\" onclick=\"\"> Commentaires, feed-back, questions<\/a>\n<p>&nbsp;<\/p>\n<h3><\/h3>\n<h3><strong>Principales infos par dates<\/strong><\/h3>\n<p><span style=\"color: #ffffff;\">.<\/span><strong><br \/>\nMai 2013<\/strong><br \/>\n<span style=\"color: #ffffff;\">.<\/span><br \/>\nCr\u00e9ation du site de la revue<\/p>\n<p><strong>Fin juin 2013<\/strong><\/p>\n<p>Diffusion des informations concernant la cr\u00e9ation de la revue<\/p>\n<p><strong>30 septembre 2013<\/strong><\/p>\n<p>Parution du <strong><a title=\"Num\u00e9ro 1 \u2013 septembre 2013\" href=\"http:\/\/www.analysedepratique.org\/?p=545\">premier num\u00e9ro<\/a><\/strong> de la Revue avec un article de chaque membre fondateur de la revue<\/p>\n<p><strong>Fin novembre 2013<\/strong><\/p>\n<p>Mise \u00e0 disposition sur le site d&rsquo;une liste de <a href=\"http:\/\/www.analysedepratique.org\/?p=773\"><strong>ressources et r\u00e9f\u00e9rences bibliographiques<\/strong><\/a> en lien avec l&rsquo;analyse de pratiques professionnelles<\/p>\n<p><strong>3 f\u00e9vrier 2014<\/strong><\/p>\n<p>Parution du <strong><a title=\"Num\u00e9ro 2 \u2013 f\u00e9vrier 2014\" href=\"http:\/\/www.analysedepratique.org\/?p=1026\">deuxi\u00e8me num\u00e9ro<\/a><\/strong> avec sept textes<\/p>\n<p><strong>15 juin 2014<\/strong><\/p>\n<p>Parution du <strong><a title=\"Num\u00e9ro 3 \u2013 juin 2014\" href=\"http:\/\/www.analysedepratique.org\/?p=1255\">troisi\u00e8me num\u00e9ro<\/a><\/strong>\u00a0avec cinq textes<\/p>\n<p><strong>8 octobre\u00a02014<\/strong><\/p>\n<p>Parution du <strong><a title=\"Num\u00e9ro 4 \u2013 octobre 2014\" href=\"http:\/\/www.analysedepratique.org\/?p=1370\">quatri\u00e8me num\u00e9ro<\/a><\/strong> avec huit textes<\/p>\n<p><strong>19 mars\u00a02015<\/strong><\/p>\n<p>Parution du <strong><a title=\"Num\u00e9ro 5 \u2013 mars 2015\" href=\"http:\/\/www.analysedepratique.org\/?p=1658\">cinqui\u00e8me num\u00e9ro<\/a><\/strong> avec sept textes<\/p>\n<p><strong>29\u00a0juin 2015<\/strong><\/p>\n<p>Parution du\u00a0<a title=\"Num\u00e9ro 6 \u2013 juin 2015\" href=\"http:\/\/www.analysedepratique.org\/?p=1783\"><strong>sixi\u00e8me num\u00e9ro<\/strong><\/a>\u00a0avec sept textes<\/p>\n<p><strong>27 janvier 2016<\/strong><\/p>\n<p>200&rsquo;000 pages ont \u00e9t\u00e9 visit\u00e9es\u00a0sur le site depuis sa cr\u00e9ation<\/p>\n<p><strong>30 janvier 2016<\/strong><\/p>\n<p>Parution du\u00a0<a title=\"Num\u00e9ro 7 \u2013 janvier 2016\" href=\"http:\/\/www.analysedepratique.org\/?p=2045\"><strong>septi\u00e8me num\u00e9ro<\/strong><\/a>\u00a0avec cinq\u00a0textes<\/p>\n<p><strong>9 mai 2016<\/strong><\/p>\n<p>Appel \u00e0 contributions pour un num\u00e9ro th\u00e9matique \u00e0 para\u00eetre d\u00e9but 2017<\/p>\n<p><strong>30 juin 2016<\/strong><\/p>\n<p>Parution du\u00a0<a href=\"http:\/\/www.analysedepratique.org\/?p=2205\"><strong>huiti\u00e8me\u00a0num\u00e9ro<\/strong><\/a>\u00a0avec cinq\u00a0textes<\/p>\n<p><strong>20 novembre 2016<\/strong><\/p>\n<p>2&rsquo;000\u00e8me abonn\u00e9 \u00e0 la revue<\/p>\n<p><strong>6 d\u00e9cembre 2016<\/strong><\/p>\n<p>300&rsquo;000\u00e8me page visit\u00e9e sur le site depuis sa cr\u00e9ation<\/p>\n<p><strong>23 d\u00e9cembre 2016<\/strong><\/p>\n<p>Parution du\u00a0<a href=\"http:\/\/www.analysedepratique.org\/?p=2270\"><strong>neuvi\u00e8me<\/strong><b>\u00a0num\u00e9ro<\/b><\/a>\u00a0avec cinq\u00a0textes<\/p>\n<p><strong>11 mai 2017<\/strong><\/p>\n<p>Parution du\u00a0<a title=\"Num\u00e9ro 6 \u2013 juin 2015\" href=\"http:\/\/www.analysedepratique.org\/?p=2461\"><strong>dixi\u00e8me num\u00e9ro<\/strong><\/a>\u00a0avec 14 textes<br \/>\nPremier num\u00e9ro th\u00e9matique :<br \/>\n<em>Mettre en place et d\u00e9marrer un groupe d&rsquo;analyse de pratiques professionnelles<\/em><\/p>\n<p><strong>1er octobre 2017<\/strong><\/p>\n<p>Parution du <a href=\"http:\/\/www.analysedepratique.org\/?p=2749\"><strong>onzi\u00e8me num\u00e9ro<\/strong><\/a> avec six textes<\/p>\n<p><strong>25 octobre 2017<\/strong><\/p>\n<p>400&rsquo;000\u00e8me page visit\u00e9e sur le site depuis sa cr\u00e9ation<\/p>\n<p><strong>12 mars 2018<\/strong><\/p>\n<p>Parution du\u00a0<a href=\"http:\/\/www.analysedepratique.org\/?p=2882\"><strong>douzi\u00e8me num\u00e9ro<\/strong><\/a>\u00a0avec six textes<\/p>\n<p><strong>30 septembre 2018<\/strong><\/p>\n<p>Parution du\u00a0<a href=\"http:\/\/www.analysedepratique.org\/?p=3038\"><strong>treizi\u00e8me num\u00e9ro<\/strong><\/a>\u00a0avec sept textes<br \/>\nDeuxi\u00e8me num\u00e9ro th\u00e9matique :<br \/>\n<em>Dynamiques d\u2019intelligence collective au sein des groupes d\u2019APP<\/em><\/p>\n<p><strong>15 novembre 2018<\/strong><\/p>\n<p>500&rsquo;000 pages ont \u00e9t\u00e9 visit\u00e9es\u00a0sur le site depuis sa cr\u00e9ation<\/p>\n<p><strong>30 janvier 2019<\/strong><\/p>\n<p>Parution du\u00a0<a href=\"http:\/\/www.analysedepratique.org\/?p=3174\"><strong>quatorzi\u00e8me num\u00e9ro<\/strong><\/a>\u00a0avec neuf textes<\/p>\n<p><strong>30 juin 2019<\/strong><\/p>\n<p>Parution du\u00a0<a href=\"http:\/\/www.analysedepratique.org\/?p=3333\"><strong>quinzi\u00e8me num\u00e9ro<\/strong><\/a>\u00a0avec dix textes<br \/>\nTroisi\u00e8me num\u00e9ro th\u00e9matique :<br \/>\n<em>Formations \u00e0 l\u2019animation de groupes d\u2019APP\u00a0: processus et exp\u00e9riences<\/em><\/p>\n<p><strong>23 f\u00e9vrier 2020<\/strong><\/p>\n<p>600&rsquo;000\u00e8me page visit\u00e9e sur le site depuis sa cr\u00e9ation<\/p>\n<p><strong>9 avril 2020<\/strong><\/p>\n<p>Parution du <a href=\"http:\/\/www.analysedepratique.org\/?p=3628\"><strong>seizi\u00e8me num\u00e9ro<\/strong><\/a>\u00a0avec huit textes<\/p>\n<p><strong>24 avril 2020<\/strong><\/p>\n<p>Parution du <a href=\"http:\/\/www.analysedepratique.org\/?p=3738\"><strong>dix-septi\u00e8me num\u00e9ro<\/strong><\/a>\u00a0avec sept textes<br \/>\nNum\u00e9ro th\u00e9matique sp\u00e9cial :<br \/>\n<em>Faire des s\u00e9ances d\u2019analyse de pratiques \u00e0 distance : exp\u00e9riences, r\u00e9flexions et ressources<\/em><\/p>\n<p><strong>18 juin 2020<\/strong><\/p>\n<p>Signature d&rsquo;une entente de collaboration entre <strong><a href=\"https:\/\/www.analysedepratique.org\/\">La Revue de l\u2019Analyse de Pratiques Professionnelles<\/a><\/strong> et <strong><a href=\"https:\/\/www.aqcp.org\/\">l\u2019Association qu\u00e9b\u00e9coise du d\u00e9veloppement professionnel<\/a><\/strong> (AQCP)<br \/>\nqui publie la revue <strong><a href=\"https:\/\/www.aqcp.org\/le-codeveloppeur\/\">Le Cod\u00e9veloppeur<\/a><\/strong>.<\/p>\n<p><strong>30 juin 2020<\/strong><\/p>\n<p>Parution du\u00a0<a href=\"http:\/\/www.analysedepratique.org\/?p=3765\"><strong>dix-huiti\u00e8me num\u00e9ro<\/strong><\/a>\u00a0avec six textes<br \/>\nCinqui\u00e8me num\u00e9ro th\u00e9matique :<br \/>\n<em>Groupe d\u2019analyse de pratiques et groupe de cod\u00e9veloppement<\/em><\/p>\n<p><strong>18 mars 2021<\/strong><\/p>\n<p>Parution du <a href=\"http:\/\/www.analysedepratique.org\/?p=4359\"><strong>dix-neuvi\u00e8me num\u00e9ro<\/strong><\/a> avec onze textes<br \/>\nSixi\u00e8me num\u00e9ro th\u00e9matique :<br \/>\n<em>Formations \u00e0 l\u2019animation de groupes d\u2019APP : processus et exp\u00e9riences (2\u00e8me partie)<\/em><\/p>\n<p><strong>27 mars 2021<\/strong><\/p>\n<p>700&rsquo;000\u00e8me page visit\u00e9e sur le site depuis sa cr\u00e9ation<\/p>\n<p><strong>31 mai 2021<\/strong><\/p>\n<p>Parution du <a href=\"http:\/\/www.analysedepratique.org\/?p=4581\"><strong>vingti\u00e8me num\u00e9ro<\/strong><\/a> avec six textes<br \/>\nDeuxi\u00e8me num\u00e9ro th\u00e9matique sp\u00e9cial :<br \/>\n<em>Durant l\u2019ann\u00e9e de pand\u00e9mie, comment les APP se sont-elles d\u00e9velopp\u00e9es ?<\/em><\/p>\n<p><strong>30 octobre 2021<\/strong><\/p>\n<p>750&rsquo;000\u00e8me page visit\u00e9e sur le site depuis sa cr\u00e9ation<\/p>\n<p><strong>8 novembre 2021<\/strong><\/p>\n<p>Parution du <a href=\"https:\/\/www.analysedepratique.org\/?p=5095\"><strong>num\u00e9ro 21<\/strong><\/a> avec huit textes<\/p>\n<p><strong>31 mars 2022<\/strong><\/p>\n<p>Parution du <a href=\"https:\/\/www.analysedepratique.org\/?p=5278\"><strong>num\u00e9ro 22<\/strong><\/a>\u00a0avec six textes<br \/>\nHuiti\u00e8me num\u00e9ro th\u00e9matique :<br \/>\n<em>ARPPEGE<\/em><\/p>\n<p><strong>23 novembre 2022<\/strong><\/p>\n<p>Parution du <a href=\"https:\/\/www.analysedepratique.org\/?p=5450\"><strong>num\u00e9ro 23<\/strong><\/a>\u00a0avec huit textes<\/p>\n<p><strong>30 septembre 2023<\/strong><\/p>\n<p>10 ans depuis la parution du premier num\u00e9ro de la revue !<\/p>\n<p><strong>5 octobre 2023<\/strong><\/p>\n<p>Parution du <a href=\"https:\/\/www.analysedepratique.org\/?p=5609\"><strong>num\u00e9ro 24<\/strong><\/a> avec six textes<\/p>\n<p><strong>30 mars 2024<\/strong><\/p>\n<p>Parution du <a href=\"https:\/\/www.analysedepratique.org\/?p=5735\"><strong>num\u00e9ro 25<\/strong><\/a> anniversaire avec dix textes<br \/>\nNeuvi\u00e8me num\u00e9ro th\u00e9matique :<br \/>\n<em>Analyse de pratiques professionnelles : dix regards sur une d\u00e9cennie \u00e9coul\u00e9e<\/em><\/p>\n<p><strong>17 octobre 2024<\/strong><\/p>\n<p>Parution du <a href=\"https:\/\/www.analysedepratique.org\/?p=5905\"><strong>num\u00e9ro 26<\/strong><\/a> avec sept textes<\/p>\n<p><strong>4 avril 2025<\/strong><\/p>\n<p>1&rsquo;000&rsquo;000\u00e8me page visit\u00e9e sur le site depuis sa cr\u00e9ation<\/p>\n<p><strong>10 juillet 2025<\/strong><\/p>\n<p>Parution du <a href=\"https:\/\/www.analysedepratique.org\/?p=6072\"><strong>num\u00e9ro 27<\/strong><\/a> avec six textes<\/p>\n<p><strong>18 avril 2026<\/strong><\/p>\n<p>Parution du <a href=\"https:\/\/www.analysedepratique.org\/?p=6211\"><strong>num\u00e9ro 28<\/strong><\/a> avec huit textes<\/p>\n<p>&nbsp;<\/p>\n<div id=\"themify_builder_content-25\" data-postid=\"25\" class=\"themify_builder_content themify_builder_content-25 themify_builder themify_builder_front\">\n\n\t<\/div>\n<!-- \/themify_builder_content -->","protected":false},"excerpt":{"rendered":"<p>. Actualit\u00e9s 2026 : Le num\u00e9ro 29 sera un num\u00e9ro Varia regroupant diverses contributions. Il para\u00eetra en automne 2026. Merci aux personnes int\u00e9ress\u00e9es de nous envoyer un projet de texte. Tous les d\u00e9tails concernant ces num\u00e9ros th\u00e9matiques sont disponibles sur le site internet de la Revue \u00e0 la page PUBLIER. &nbsp; Collaborations Depuis sa cr\u00e9ation [&hellip;]<\/p>\n","protected":false},"author":2,"featured_media":0,"parent":0,"menu_order":6,"comment_status":"open","ping_status":"open","template":"","meta":{"footnotes":""},"class_list":["post-25","page","type-page","status-publish","hentry","has-post-title","no-post-date","has-post-category","has-post-tag","has-post-comment","has-post-author"],"jetpack_shortlink":"https:\/\/wp.me\/P3VXfJ-p","jetpack_sharing_enabled":true,"_links":{"self":[{"href":"https:\/\/www.analysedepratique.org\/index.php?rest_route=\/wp\/v2\/pages\/25","targetHints":{"allow":["GET"]}}],"collection":[{"href":"https:\/\/www.analysedepratique.org\/index.php?rest_route=\/wp\/v2\/pages"}],"about":[{"href":"https:\/\/www.analysedepratique.org\/index.php?rest_route=\/wp\/v2\/types\/page"}],"author":[{"embeddable":true,"href":"https:\/\/www.analysedepratique.org\/index.php?rest_route=\/wp\/v2\/users\/2"}],"replies":[{"embeddable":true,"href":"https:\/\/www.analysedepratique.org\/index.php?rest_route=%2Fwp%2Fv2%2Fcomments&post=25"}],"version-history":[{"count":99,"href":"https:\/\/www.analysedepratique.org\/index.php?rest_route=\/wp\/v2\/pages\/25\/revisions"}],"predecessor-version":[{"id":6358,"href":"https:\/\/www.analysedepratique.org\/index.php?rest_route=\/wp\/v2\/pages\/25\/revisions\/6358"}],"wp:attachment":[{"href":"https:\/\/www.analysedepratique.org\/index.php?rest_route=%2Fwp%2Fv2%2Fmedia&parent=25"}],"curies":[{"name":"wp","href":"https:\/\/api.w.org\/{rel}","templated":true}]}}