{"id":2,"date":"2013-05-12T12:30:53","date_gmt":"2013-05-12T12:30:53","guid":{"rendered":"http:\/\/www.analysedepratique.org\/?page_id=2"},"modified":"2023-01-17T22:19:40","modified_gmt":"2023-01-17T21:19:40","slug":"page-d-exemple","status":"publish","type":"page","link":"https:\/\/www.analysedepratique.org\/","title":{"rendered":"Accueil"},"content":{"rendered":"<h3 style=\"text-align: justify;\"><strong>Bienvenue sur le site de la revue !<\/strong><\/h3>\n<p>&nbsp;<\/p>\n<p style=\"text-align: justify;\">La revue s&rsquo;adresse \u00e0 toutes les personnes int\u00e9ress\u00e9es par l\u2019analyse de pratiques professionnelles.<\/p>\n<p style=\"text-align: justify;\">Elle vise \u00e0 d\u00e9velopper les \u00e9changes et \u00e0 partager les r\u00e9flexions et les \u00e9tudes sur l&rsquo;analyse de pratiques.<\/p>\n<p style=\"text-align: justify;\">Certains articles peuvent concerner plus sp\u00e9cifiquement des destinataires particuliers<br \/>\n(voir : les diff\u00e9rents <strong><a title=\"Pr\u00e9sentation\" href=\"http:\/\/www.analysedepratique.org\/?page_id=20\">buts et types d&rsquo;articles<\/a><\/strong>).<\/p>\n<div style=\"text-align: justify;\"><\/div>\n<p style=\"text-align: left;\">La revue para\u00eet deux \u00e0 trois fois par an, en langue fran\u00e7aise, uniquement en format \u00e9lectronique.<\/p>\n<p style=\"text-align: left;\">Tous les\u00a0articles sont librement accessibles en version int\u00e9grale et gratuite.<\/p>\n<p style=\"text-align: left;\">Ils peuvent \u00eatre consult\u00e9s via la page \u00ab\u00a0<strong><a href=\"https:\/\/www.analysedepratique.org\/?page_id=23\">Articles<\/a><\/strong>\u00a0\u00bb ou la barre lat\u00e9rale selon diff\u00e9rentes cat\u00e9gorisations<br \/>\net t\u00e9l\u00e9charg\u00e9s et imprim\u00e9s en version PDF.<\/p>\n<p style=\"text-align: left;\">Ils sont sous licence\u00a0<em>Creative Common 3.0 \u00ab Paternit\u00e9 \u2013 pas de modification \u00bb.<\/em><br \/>\nCela signifie qu&rsquo;ils peuvent \u00eatre imprim\u00e9s ou transmis librement \u00e0 condition qu&rsquo;ils ne soient pas modifi\u00e9s.<\/p>\n<p>&nbsp;<\/p>\n<hr \/>\n<p style=\"text-align: center;\"><a href=\"https:\/\/www.analysedepratique.org\/?page_id=35\"><strong>Vous \u00eates invit\u00e9.e \u00e0 vous inscrire<\/strong><\/a> pour recevoir par E-mail l&rsquo;information de chaque parution.<\/p>\n<hr \/>\n<p>&nbsp;<\/p>\n<p>La revue est actuellement cog\u00e9r\u00e9e par <a href=\"https:\/\/www.analysedepratique.org\/?page_id=20\"><strong>sept responsables<\/strong><\/a> de mani\u00e8re b\u00e9n\u00e9vole.<\/p>\n<p>&nbsp;<\/p>\n<table style=\"width: 90%; border-collapse: collapse;\" border=\"1\">\n<tbody>\n<tr style=\"height: 192px;\">\n<td style=\"width: 100%; height: 192px; background-color: #7b263c; border-color: 7b263c;\">\n<h4 style=\"text-align: center;\"><span style=\"color: #f7d8d2;\"><br \/>\nLa p\u00e9rennit\u00e9 de la revue sur le plan financier d\u00e9pend des donations.<\/span><\/h4>\n<p>&nbsp;<\/p>\n<p style=\"text-align: center;\"><span style=\"color: #f7d8d2;\"><a style=\"color: #f7d8d2;\" href=\"http:\/\/www.analysedepratique.org\/?page_id=27\"><strong><span style=\"text-decoration: underline;\">Merci d&rsquo;apporter votre soutien \u00e0 la revue par un don !<\/span><\/strong><\/a><\/span><\/p>\n<p>&nbsp;<\/p>\n<p style=\"text-align: center;\"><span style=\"color: #f7d8d2;\">Les personnes donatrices re\u00e7oivent un acc\u00e8s aux fichiers PDF<br \/>\ncomprenant l&rsquo;int\u00e9gralit\u00e9 <\/span><span style=\"color: #f7d8d2;\">des r\u00e9sum\u00e9s et des textes de tous les num\u00e9ros parus.<\/span><\/p>\n<p style=\"text-align: center;\">\n<\/td>\n<\/tr>\n<\/tbody>\n<\/table>\n<p>&nbsp;<\/p>\n<p>&nbsp;<\/p>\n<p style=\"text-align: left;\">Nous cherchons des articles \u00e0 publier dans les prochains num\u00e9ros de la revue.<br \/>\nToutes les informations \u00e0 ce sujet sont sur la <strong><a href=\"https:\/\/www.analysedepratique.org\/?page_id=37\">page Publier.<\/a><\/strong><\/p>\n<p>&nbsp;<\/p>\n<p style=\"text-align: left;\">Nous vous invitons \u00e0 intervenir sur le site : un espace pour les commentaires est \u00e0 disposition<br \/>\n\u00e0 la fin de chaque article.<\/p>\n<p style=\"text-align: justify;\">Vous pouvez \u00e9galement laisser un commentaire plus g\u00e9n\u00e9ral sur la revue en allant sur la page<\/p>\n<p style=\"text-align: center;\"><a href=\"http:\/\/www.analysedepratique.org\/?p=728\" class=\"shortcode button  \" style=\"background-color: silver;\" target=\"\" onclick=\"\"> <strong><span style=\"color: #800000;\">Commentaires, feed-back, questions<\/span><\/strong><\/a>\n<p>&nbsp;<\/p>\n<p>&nbsp;<\/p>\n<p>&nbsp;<\/p>\n<p>&nbsp;<\/p>\n<div id=\"themify_builder_content-2\" data-postid=\"2\" class=\"themify_builder_content themify_builder_content-2 themify_builder themify_builder_front\">\n\n\t<\/div>\n<!-- \/themify_builder_content -->","protected":false},"excerpt":{"rendered":"<p>Bienvenue sur le site de la revue ! &nbsp; La revue s&rsquo;adresse \u00e0 toutes les personnes int\u00e9ress\u00e9es par l\u2019analyse de pratiques professionnelles. Elle vise \u00e0 d\u00e9velopper les \u00e9changes et \u00e0 partager les r\u00e9flexions et les \u00e9tudes sur l&rsquo;analyse de pratiques. Certains articles peuvent concerner plus sp\u00e9cifiquement des destinataires particuliers (voir : les diff\u00e9rents buts et [&hellip;]<\/p>\n","protected":false},"author":2,"featured_media":0,"parent":0,"menu_order":0,"comment_status":"open","ping_status":"open","template":"","meta":{"footnotes":""},"class_list":["post-2","page","type-page","status-publish","hentry","has-post-title","no-post-date","has-post-category","has-post-tag","has-post-comment","has-post-author"],"jetpack_shortlink":"https:\/\/wp.me\/P3VXfJ-2","jetpack_sharing_enabled":true,"_links":{"self":[{"href":"https:\/\/www.analysedepratique.org\/index.php?rest_route=\/wp\/v2\/pages\/2","targetHints":{"allow":["GET"]}}],"collection":[{"href":"https:\/\/www.analysedepratique.org\/index.php?rest_route=\/wp\/v2\/pages"}],"about":[{"href":"https:\/\/www.analysedepratique.org\/index.php?rest_route=\/wp\/v2\/types\/page"}],"author":[{"embeddable":true,"href":"https:\/\/www.analysedepratique.org\/index.php?rest_route=\/wp\/v2\/users\/2"}],"replies":[{"embeddable":true,"href":"https:\/\/www.analysedepratique.org\/index.php?rest_route=%2Fwp%2Fv2%2Fcomments&post=2"}],"version-history":[{"count":73,"href":"https:\/\/www.analysedepratique.org\/index.php?rest_route=\/wp\/v2\/pages\/2\/revisions"}],"predecessor-version":[{"id":5584,"href":"https:\/\/www.analysedepratique.org\/index.php?rest_route=\/wp\/v2\/pages\/2\/revisions\/5584"}],"wp:attachment":[{"href":"https:\/\/www.analysedepratique.org\/index.php?rest_route=%2Fwp%2Fv2%2Fmedia&parent=2"}],"curies":[{"name":"wp","href":"https:\/\/api.w.org\/{rel}","templated":true}]}}