{"id":117,"date":"2013-06-26T09:44:32","date_gmt":"2013-06-26T08:44:32","guid":{"rendered":"http:\/\/www.analysedepratique.org\/?page_id=117"},"modified":"2021-11-07T22:39:35","modified_gmt":"2021-11-07T21:39:35","slug":"fondateurs","status":"publish","type":"page","link":"https:\/\/www.analysedepratique.org\/?page_id=117","title":{"rendered":"Fondateurs"},"content":{"rendered":"<p style=\"text-align: left;\">La revue de l&rsquo;analyse de pratiques professionnelles (APP) a \u00e9t\u00e9 fond\u00e9e en 2013 par :<\/p>\n<p style=\"text-align: left;\"><a href=\"#jc\" rel=\"nofollow\"><strong>Jean Chocat<\/strong><\/a>, <a href=\"#ed\" rel=\"nofollow\"><strong>Eric Drutel<\/strong><\/a>, <strong><a title=\"Pr\u00e9sentation de Maryline Luret-Berthon\" href=\"#mlb\" rel=\"nofollow\">Maryline Luret-Berthon<\/a><\/strong>, <strong><a title=\"Pr\u00e9sentation de Philippe P\u00e9aud\" href=\"#pp\" rel=\"nofollow\">Philippe P\u00e9aud<\/a><\/strong>, <strong><a title=\"Pr\u00e9sentation de Patrick Robo\" href=\"#pr\" rel=\"nofollow\">Patrick Robo<\/a><\/strong>, <strong><a title=\"Pr\u00e9sentation de Marc Thi\u00e9baud\" href=\"#mt\" rel=\"nofollow\">Marc Thi\u00e9baud<\/a><\/strong> et <strong><a title=\"Pr\u00e9sentation de Yann Vacher\" href=\"#yv\" rel=\"nofollow\">Yann Vacher<\/a><\/strong>.<\/p>\n<p style=\"text-align: left;\">Elle est actuellement cog\u00e9r\u00e9e par sept responsables, qui sont, \u00e0 des degr\u00e9s divers, praticiens, animateurs, chercheurs et auteurs dans le domaine de l&rsquo;APP :<\/p>\n<p><a href=\"#cb\" rel=\"nofollow\"><strong>Caroline Bell<\/strong><\/a>, <a href=\"#jc\"><strong>Jean Chocat<\/strong><\/a>, <strong><a href=\"#dl\">Denis Loizon<\/a><\/strong>, <strong><a title=\"Pr\u00e9sentation de Philippe P\u00e9aud\" href=\"#pp\" rel=\"nofollow\">Philippe P\u00e9aud<\/a><\/strong>, <strong><a title=\"Pr\u00e9sentation de Patrick Robo\" href=\"#pr\" rel=\"nofollow\">Patrick Robo<\/a><\/strong>, <strong><a title=\"Pr\u00e9sentation de Marc Thi\u00e9baud\" href=\"#mt\" rel=\"nofollow\">Marc Thi\u00e9baud<\/a><\/strong> et <strong><a title=\"Pr\u00e9sentation de Yann Vacher\" href=\"#yv\" rel=\"nofollow\">Yann Vacher<\/a><\/strong>.<\/p>\n<p>&nbsp;<\/p>\n<p><strong>Fondateurs et responsables actuels de la revue<\/strong><\/p>\n<p id=\"cb\"><span style=\"color: #ffffff;\">*<\/span><\/p>\n<p><strong>Caroline BELL<\/strong><\/p>\n<p>Enseignante, formatrice<br \/>\nE-Mail\u00a0:\u00a0<a href=\"mailto:bell.caroline@free.fr\"><strong>bell.caroline[arobase]free.fr<\/strong><\/a><\/p>\n<p><em>Formation et parcours professionnel<\/em><\/p>\n<p>Enseignante depuis 1990, et formatrice. J\u2019interviens notamment en formation initiale ou continue afin d\u2019accompagner mes pairs dans l\u2019analyse de leurs pratiques professionnelles. Titulaire de deux Masters en Ing\u00e9nierie p\u00e9dagogique.<\/p>\n<p><em>Fonctions et activit\u00e9s actuelles<\/em><\/p>\n<p>J\u2019accueille au sein de ma classe des \u00e9tudiants lors de stages de pratiques accompagn\u00e9es. Diff\u00e9rentes techniques me permettent de contribuer \u00e0 engager leur r\u00e9flexivit\u00e9 et \u00e0 d\u00e9velopper l\u2019intelligence collective des \u00e9quipes p\u00e9dagogiques.<\/p>\n<p><em>Travail et liens avec l\u2019analyse de pratiques<\/em><\/p>\n<p>Accompagnement des \u00e9quipes p\u00e9dagogiques dans une d\u00e9marche r\u00e9flexive.<br \/>\nAnimation de groupes d\u2019Analyse de Pratiques Professionnelles d\u2019enseignants ou d\u2019accompagnants d&rsquo;\u00e9l\u00e8ves en situation de handicap (AESH).<span style=\"color: #ffffff;\">*<\/span><\/p>\n<p id=\"jc\"><span style=\"color: #ffffff;\">*<\/span><\/p>\n<p><strong>Jean CHOCAT <\/strong>(cofondateur et coresponsable actuel de la revue)<strong><br \/>\n<\/strong><\/p>\n<p>Cadre de Sant\u00e9 et formateur en soins infirmiers<br \/>\nE-Mail\u00a0: <strong><a href=\"mailto:jean.chocat@orange.fr\">jean.chocat[arobase]orange.fr<\/a><\/strong><\/p>\n<p><i>Formation et parcours professionnel<\/i><\/p>\n<p>Infirmier D.E depuis 1982 puis Cadre de Sant\u00e9 en secteur d\u2019hospitalisation publique, mon parcours m\u2019a amen\u00e9 en 1992 \u00e0 int\u00e9grer un Institut de Formation en Soins Infirmiers. De nombreuses formations autour de l\u2019entretien d\u2019explicitation, l\u2019analyse de la pratique professionnelle, l\u2019approche par les comp\u00e9tences, le tutorat m\u2019ont permis d\u2019\u00e9laborer et conduire un projet portant sur la d\u00e9marche r\u00e9flexive en formation initiale.<\/p>\n<p><i>Fonctions et activit\u00e9s actuelles<\/i><\/p>\n<p>Interventions p\u00e9dagogiques aupr\u00e8s de diff\u00e9rents publics en formation\u00a0: classes pr\u00e9paratoires, \u00e9tudiants en soins infirmiers, professionnels en soins infirmiers notamment dans le cadre du tutorat.<br \/>\nParticipation au comit\u00e9 de la recherche param\u00e9dicale.<br \/>\nDans le cadre du cumul d\u2019activit\u00e9s, proposition de formations de professionnels soignants et formateurs en lien avec la formation des professionnels \u00e0 l\u2019encadrement des \u00e9tudiants en soins infirmiers.<br \/>\nParution en 2019 d\u2019un ouvrage \u00ab\u00a0 <em>Dans le cadre du stage, apprendre \u00e0 investir la situation de travail comme une ressource pour l&rsquo;apprentissage de l&rsquo;\u00e9tudiant. Un exemple d\u2019application en formation infirmi\u00e8re.<\/em> \u00bb (disponible sur <strong><a href=\"https:\/\/www.amazon.fr\/apprendre-situation-ressource-lapprentissage-l%C3%A9tudiant\/dp\/1693809508\">Amazon<\/a><\/strong>).<\/p>\n<p><i>Travail et liens avec l\u2019analyse de pratiques<\/i><\/p>\n<p>Accompagnement de l\u2019\u00e9quipe p\u00e9dagogique et tuteurs de stage dans la d\u00e9marche d\u2019analyse.<br \/>\nConduite avec les \u00e9tudiants d\u2019ateliers d\u2019analyse de pratiques dans les IFSI (Institut de Formation en Soins Infirmiers), Ecoles IBODE (Infirmi\u00e8re de Bloc Op\u00e9ratoire dipl\u00f4m\u00e9e d&rsquo;Etat) et IFCS (Institut de Formation des Cadres de Sant\u00e9).<br \/>\nPr\u00e9sentations de l\u2019analyse de pratiques professionnelles dans des journ\u00e9es d\u2019\u00e9tudes.<br \/>\nPublications disponibles en ligne sur diff\u00e9rents sites professionnels.<\/p>\n<p id=\"ed\"><span style=\"color: #ffffff;\">*<\/span><\/p>\n<p><strong>Eric DRUTEL <\/strong>(cofondateur)<strong><br \/>\n<\/strong><\/p>\n<p>Psychologue du travail<br \/>\nE-Mail : <strong><a href=\"mailto:edrutel@gmail.com\">edrutel[arobase]gmail.com<\/a><\/strong><br \/>\nInternet : <strong><a href=\"http:\/\/ericdrutel.free.fr\/\" target=\"_blank\" rel=\"noopener noreferrer\">http:\/\/ericdrutel.free.fr<\/a><\/strong><\/p>\n<p><i>Formation et parcours professionnel<\/i><\/p>\n<p>J&rsquo;ai tout d&rsquo;abord exerc\u00e9 les m\u00e9tiers d&rsquo;ing\u00e9nieur du son et de chef monteur d&rsquo;images dans l&rsquo;audiovisuel international pendant\u00a0 20 ans (form\u00e9 \u00e0 l&rsquo;universit\u00e9 Lyon2 et \u00e0 l&rsquo;INA) dans un m\u00e9dia multilingue et multi supports ( satellite, c\u00e2ble, internet, smartphone) . En 2001, suite \u00e0 une premi\u00e8re exp\u00e9rience en CHSCT, je d\u00e9bute une formation compl\u00e8te en psychologie du travail au Conservatoire National des Arts et M\u00e9tiers de Lyon. Dipl\u00f4m\u00e9 depuis 2009, je r\u00e9alise des missions de formation et de d&rsquo;accompagnement au changement organisationnel.<\/p>\n<p>Charg\u00e9 de cours dans diverses structures (au CNAM de Lyon en psychosociologie du travail et en recherche documentaire appliqu\u00e9e \u00e0 la psychologie du travail, \u00e0 l&rsquo;IUT Lumi\u00e8re Lyon2 en H.S.E et PPR \u00e0 l&rsquo;universit\u00e9 Lyon2 en psychologie sociale) j&rsquo;ai pu r\u00e9aliser des passerelles entre mes exp\u00e9riences de terrain et le monde de la recherche.<\/p>\n<p><i>Fonctions et activit\u00e9s actuelles<\/i><\/p>\n<p>&#8211; Animation de groupes d&rsquo;analyse de la pratique dans l&rsquo;insertion sociale, le m\u00e9dicosocial et dans l&rsquo;industrie<br \/>\n&#8211; Accompagnement des personnes en transition professionnelle \u00e0 mon cabinet<br \/>\n&#8211; Responsable d&rsquo;un module Bilan\/projet dans une association d&rsquo;accompagnement de cadres en transition professionnelle<br \/>\n&#8211; Psychanalyste en formation, je participe \u00e0 une organisation psychanalytique<br \/>\n&#8211; Conception et animation d&rsquo;un s\u00e9minaire d&rsquo;int\u00e9gration sur la communication interpersonnelle pour l&rsquo;IAE<\/p>\n<p><i>Travail et liens avec l&rsquo;analyse de pratiques<\/i><\/p>\n<p>Depuis 3 ans, j&rsquo;anime des groupes d&rsquo;analyses de la pratique dans des milieux tr\u00e8s divers allant de l&rsquo;insertion professionnelle \u00e0 l&rsquo;industrie nucl\u00e9aire. Les travaux d&rsquo;Yves Clot sur le m\u00e9tier et le pouvoir d&rsquo;agir ont \u00e9t\u00e9 une grande source d&rsquo;inspiration pour penser ma place d&rsquo;animateur au sein de ces groupes de travailleurs. La co-\u00e9criture d&rsquo;un article avec Marc-Eric Bobillier Chaumon ( HDR Lyon 2) sur l&rsquo;appropriation technologique m&rsquo;ont invit\u00e9 \u00e0 d\u00e9velopper ma pens\u00e9e entre langage et instrumentation. J&rsquo;exp\u00e9rimente diff\u00e9rents cadres d&rsquo;analyse de la pratique en gardant pour objectifs la r\u00e9gulation d&rsquo;\u00e9quipe et la production de savoir collectif sur le m\u00e9tier.<\/p>\n<p id=\"dl\"><span style=\"color: #ffffff;\">*<\/span><\/p>\n<p><strong>Denis LOIZON <\/strong>(coresponsable actuel de la revue)<\/p>\n<p>Chercheur, maitre de conf\u00e9rence \u00e0 la retraite depuis le 1<sup>er<\/sup> octobre 2021<br \/>\nE-Mail : <strong><a href=\"mailto:Denis.Loizon@wanadoo.fr\">Denis.Loizon@wanadoo.fr<\/a><\/strong><\/p>\n<p><em>Formation et parcours professionnel<\/em><\/p>\n<p>J\u2019ai \u00e9t\u00e9 pendant 20 ans professeur agr\u00e9g\u00e9 d\u2019EPS en coll\u00e8ge puis en lyc\u00e9e (o\u00f9 j\u2019avais faites mes \u00e9tudes)<br \/>\nPuis:<br \/>\n30 ans formateur en EPS \u00e0 l\u2019IUFM, puis ESPE et INSPE<br \/>\n20 ans responsable de la formation des formateurs \u00e0 l\u2019IUFM\/ESPE<br \/>\nchercheur depuis 1995<br \/>\nmaitre de conf\u00e9rence en STAPS d\u00e8s 2006<\/p>\n<p><em>Fonctions et activit\u00e9s actuelles<\/em><\/p>\n<p>J&rsquo;accompagne et je dirige des \u00e9tudiants en th\u00e8se<\/p>\n<p><em>Travail et liens avec l\u2019analyse de pratiques<\/em><\/p>\n<p>J\u2019ai pass\u00e9 une th\u00e8se en didactique sur l\u2019analyse des pratiques d&rsquo;enseignement du judo en 2004.<br \/>\nDepuis le d\u00e9but des ann\u00e9es 2000, je me suis toujours investi dans l\u2019animation de groupes d\u2019analyse de pratique avec les \u00e9tudiants stagiaires.<br \/>\nJ\u2019ai r\u00e9alis\u00e9 une grande recherche sur les effets des groupes d\u2019AP avec les \u00e9tudiants (voir les productions Levain JP, Minary JP et Loizon).<br \/>\nJ\u2019ai d\u00e9velopp\u00e9 ce travail d\u2019animation plus particuli\u00e8rement au cours de ces quatre derni\u00e8res ann\u00e9es en cr\u00e9ant le master recherche 2A2P (Accompagnement et analyse de pratiques professionnelles) dont les \u00e9tudiants (tous enseignants chevronn\u00e9s) sont devenus pour la plupart, des animateurs de groupes d\u2019APP au sein de l\u2019INSPE ou au niveau acad\u00e9mique en formation continue.<br \/>\nDeux \u00e9tudiants en th\u00e8se que je dirige (issus de ce master) ont d&rsquo;ailleurs centr\u00e9s leurs recherches sur les groupes d\u2019APP.<\/p>\n<p>&nbsp;<\/p>\n<p id=\"mlb\"><span style=\"color: #ffffff;\">*<\/span><\/p>\n<p><strong>Maryline LURET-BERTHON <\/strong>(cofondatrice)<\/p>\n<p>Professeure Certifi\u00e9e \u00ab Coordination p\u00e9dagogique et ing\u00e9nierie de formation \u00bb<br \/>\nCharg\u00e9e de mission ing\u00e9nierie de formation<br \/>\nCentre Acad\u00e9mique Formation Continue (CAFOC) AUVERGNE<br \/>\nE-Mail : <strong><a href=\"mailto:maryline.berthon@ac-clermont.fr\">maryline.berthon[arobase]ac-clermont.fr<\/a><\/strong><\/p>\n<p><em>Formation et parcours professionnel<\/em><\/p>\n<p>Consultante technique puis formatrice depuis 1992, j\u2019ai rapidement compris la n\u00e9cessit\u00e9 de me professionnaliser. Apr\u00e8s avoir valid\u00e9 un titre de \u00ab formation de formateurs \u00bb, j\u2019ai poursuivi ma formation en Sciences de l\u2019Education et en ing\u00e9nierie de formation. Apr\u00e8s avoir occup\u00e9 diff\u00e9rents postes au sein de l\u2019\u00c9ducation nationale (formation, accompagnement des publics en difficult\u00e9s, formation de tuteurs, charg\u00e9e d\u2019accueil en Ateliers P\u00e9dagogie Personnalis\u00e9e, ing\u00e9nierie de formation\u2026) j\u2019ai int\u00e9gr\u00e9 l\u2019\u00e9quipe du CAFOC Auvergne ou j\u2019occupe les missions de charg\u00e9e d\u2019animation et d\u2019ing\u00e9nierie en formation continue.<\/p>\n<p><em>Fonctions et activit\u00e9s actuelles<\/em><\/p>\n<p>Formation de formateurs : formateurs de GRETA, formateurs entreprises<br \/>\nInterventions p\u00e9dagogiques aupr\u00e8s de diff\u00e9rents publics en formation : personnels administratifs de l\u2019\u00e9ducation nationale, enseignants, \u2026<br \/>\nInterventions ponctuelles aupr\u00e8s d\u2019\u00e9l\u00e8ves de lyc\u00e9e professionnel et d\u2019\u00e9tudiants (Ecole de Droit, Economie, Management)<br \/>\nParticipation \u00e0 la construction et mise en \u0153uvre de la FOAD (formation de formateurs)<br \/>\nMissions d\u2019ing\u00e9nierie : AMOA et toutes les activit\u00e9s li\u00e9es \u00e0 la conception de formation \u00e0 l\u2019interne et en entreprises<\/p>\n<p><em>Travail et liens avec l&rsquo;analyse de pratiques<\/em><\/p>\n<p>Animation d\u2019ateliers d\u2019analyse de pratique professionnelle<br \/>\nMa pratique est essentiellement ancr\u00e9e dans la m\u00e9thode du \u00ab cod\u00e9veloppement professionnel \u00bb au sens de l\u2019AFCODEV<\/p>\n<p id=\"pp\"><span style=\"color: #ffffff;\">*<\/span><\/p>\n<p><strong>Philippe PEAUD <\/strong>(cofondateur et coresponsable actuel de la revue)<\/p>\n<p>ESPE de l&rsquo;universit\u00e9 de Poitiers<br \/>\nE-Mail : <strong><a href=\"mailto:philippe.peaud@univ-poitiers.fr\">philippe.peaud[arobase]univ-poitiers.fr<\/a><\/strong><\/p>\n<p><em>Formation et parcours professionnel<\/em><\/p>\n<p>Apr\u00e8s une formation universitaire en histoire ancienne (doctorat de troisi\u00e8me cycle en \u00e9pigraphie latine), je suis devenu professeur d\u2019histoire-g\u00e9ographie \u00e0 partir de 1981. Progressivement, \u00e0 partir de 1994, la formation d\u2019adultes a occup\u00e9 de plus en plus de place parall\u00e8lement \u00e0 mes activit\u00e9s d\u2019enseignants\u00a0: formation initiale professionnelle et formation des formateurs d\u2019enseignants, formation des formateurs aux m\u00e9tiers du soin, initiation des musiciens professionnels aux sciences de l\u2019\u00e9ducation.<\/p>\n<p><em>Fonctions et activit\u00e9s actuelles<\/em><\/p>\n<p>Je suis responsable d\u2019un master que j\u2018ai cr\u00e9\u00e9 en 2016 \u00e0 l\u2019universit\u00e9 de Poitiers\u00a0: Formation d\u2019adultes, accompagnement, conseil.<\/p>\n<p>Mes activit\u00e9s actuelles se partagent entre l\u2019universit\u00e9, le rectorat, le minist\u00e8re de l\u2019\u00c9ducation nationale (expert Accompagnement professionnel) et la recherche sur l\u2019\u00e9valuation (\u00e9valuation des comp\u00e9tences scolaires, \u00e9valuation des comp\u00e9tences professionnelles, \u00e9valuation des dispositifs de formation) au sein de l\u2019Association pour le d\u00e9veloppement des m\u00e9thodologies d\u2019\u00e9valuation en \u00e9ducation, ainsi que sur le travail r\u00e9flexif en formation<\/p>\n<p><em>Travail et liens avec l&rsquo;analyse de pratiques<\/em><\/p>\n<p style=\"margin: 0cm 0cm 14.4pt 0cm;\"><span lang=\"FR\" style=\"font-size: 10.0pt; font-family: 'Lucida Sans Unicode',sans-serif;\">J\u2019utilise l\u2019analyse de pratiques en formation continue, soit parce qu\u2019il s\u2019agit du th\u00e8me de la formation, soit en tant que d\u00e9marche de formation \u00e0 propos d\u2019autres th\u00e9matiques (\u00e9valuation, tutorat, etc.). Elle est \u00e9galement au c\u0153ur de mon travail de recherche, qui a donn\u00e9 lieu \u00e0 diverses publications.<\/span><\/p>\n<p id=\"pr\"><span style=\"color: #ffffff;\">*<\/span><\/p>\n<p><strong>Patrick ROBO\u00a0<\/strong>(cofondateur et coresponsable actuel de la revue)<\/p>\n<p>Formateur-consultant<br \/>\nE-Mail : <strong><a href=\"mailto:patrick.robo@laposte.net\">patrick.robo[arobase]laposte.net<\/a><\/strong><br \/>\nInternet : <strong><a href=\"http:\/\/probo.free.fr\" target=\"_blank\" rel=\"noopener noreferrer\">http:\/\/probo.free.fr<\/a><\/strong><\/p>\n<p><em>Formation et parcours professionnel<\/em><\/p>\n<p>Un parcours vari\u00e9 dans l\u2019\u00c9ducation nationale : instituteur \/ professeur des \u00e9coles sp\u00e9cialis\u00e9 dans l&rsquo;Adaptation et Int\u00e9gration Scolaire ; conseiller p\u00e9dagogique ; conseiller technique formation continue ; directeur d&rsquo;\u00e9cole maternelle annexe \u00e0 l&rsquo;IUFM ; charg\u00e9 de mission pour la formation de formateurs \u00e0 l&rsquo;IUFM de l&rsquo;Acad\u00e9mie de Montpellier. En parall\u00e8le \u00e0 ce parcours j\u2019ai occup\u00e9 des responsabilit\u00e9s nationales au sein de l&rsquo;ICEM-P\u00e9dagogie Freinet.<br \/>\nJ\u2019ai compl\u00e9t\u00e9 ma formation de base dans l\u2019\u00c9ducation nationale par celle d\u00e9velopp\u00e9e, hors institution, au sein de divers Mouvements p\u00e9dagogiques et \u00e0 45 ans j\u2019ai repris des \u00e9tudes en Sciences de l\u2019\u00c9ducation jusqu\u2019\u00e0 un d\u00e9but de th\u00e8se sur la Didactique professionnelle de l&rsquo;analyse de pratiques (laiss\u00e9e en sommeil).<\/p>\n<p><em>Fonctions et activit\u00e9s actuelles<\/em><\/p>\n<p>Pensionn\u00e9 de l\u2019\u00c9ducation nationale depuis septembre 2006, mais retrait\u00e9 actif, j\u2019interviens sur demande dans divers organismes en tant que formateur-consultant notamment en Analyse de pratiques, Accompagnement professionnel, P\u00e9dagogie\u2026<\/p>\n<p><em>Travail et liens avec l&rsquo;analyse de pratiques<\/em><\/p>\n<p>J\u2019ai d\u2019abord d\u00e9couvert et pratiqu\u00e9 l\u2019APP pour moi depuis le d\u00e9but des ann\u00e9es 1980 dans plusieurs de ses courants\u2026 Je l\u2019ai ensuite d\u00e9velopp\u00e9e pour des enseignants et des formateurs, cr\u00e9ant progressivement une modalit\u00e9 int\u00e9grative (les GFAPP -groupes de formation \u00e0 et par l\u2019APP-) au contact de personnalit\u00e9s de ce domaine figurant sur mon site et de divers animateurs\/formateurs de groupes d\u2019APP, en particulier au sein d\u2019un r\u00e9seau GFAPP de co-accompagnement \u00e0 distance via Internet que j\u2019ai initi\u00e9 en 2002. Depuis la fin des ann\u00e9es 1990 je d\u00e9veloppe des formations \u00e0 et par l\u2019APP pour des \u00e9tudiants, des acteurs professionnels et des formateurs\/animateurs de divers milieux (Education, Sant\u00e9, Travail social, entreprises\u2026). En parall\u00e8le j\u2019ai cr\u00e9\u00e9 un site Internet qui regroupe et partage de nombreux \u00e9crits sur l\u2019APP (<strong><a href=\"http:\/\/www.gfapp.fr\" target=\"_blank\" rel=\"noopener noreferrer\">http:\/\/www.gfapp.fr<\/a><\/strong>).<\/p>\n<p id=\"mt\"><span style=\"color: #ffffff;\">*<\/span><\/p>\n<p><strong>Marc THIEBAUD <\/strong>(cofondateur et coresponsable actuel de la revue)<\/p>\n<p>Psychologue, animateur, formateur<br \/>\nRue du Coll\u00e8ge 8<br \/>\n2013 Colombier<br \/>\nSuisse<br \/>\nE-Mail : <strong><a href=\"mailto:thiebaud@formaction.ch\">thiebaud[arobase]formaction.ch<\/a><\/strong><br \/>\nInternet : <strong><a href=\"http:\/\/www.formaction.ch\" target=\"_blank\" rel=\"noopener noreferrer\">www.formaction.ch<\/a><\/strong><\/p>\n<p><em>Formation et parcours professionnel<\/em><\/p>\n<p>Suite \u00e0 un master en psychologie du conseil et des organisations, j\u2019ai men\u00e9 depuis 1980 parall\u00e8lement des activit\u00e9s d\u2019enseignement (Universit\u00e9s de Neuch\u00e2tel et Fribourg), d\u2019accompagnement (individuel, de groupe, d&rsquo;\u00e9quipe et de projet), d&rsquo;animation (groupes d\u2019analyse de pratiques), de conception et animation de formations (pour directeurs d&rsquo;\u00e9tablissement scolaire, coachs, formateurs d\u2019adultes, animateurs de groupes, etc.).<br \/>\nJ&rsquo;ai par ailleurs cr\u00e9\u00e9 en 1990 puis dirig\u00e9 pendant 25 ans le centre d&rsquo;accompagnement et de pr\u00e9vention pour les professionnels des \u00e9tablissements scolaires \u00e0 Neuch\u00e2tel (<a href=\"http:\/\/www.cappes.ch\" target=\"_blank\" rel=\"noopener noreferrer\">www.cappes.ch<\/a>).<br \/>\nJ&rsquo;interviens essentiellement dans les milieux de l&rsquo;\u00e9ducation et de la sant\u00e9 ainsi que dans les administrations publiques.<\/p>\n<p><em>Fonctions et activit\u00e9s actuelles<\/em><\/p>\n<p>&#8211; Formation \u00e0 l&rsquo;accompagnement, l&rsquo;analyse de pratique et l\u2019animation de groupe (Universit\u00e9, Haute Ecole P\u00e9dagogique, etc.; voir deux articles publi\u00e9s dans le <a href=\"https:\/\/www.analysedepratique.org\/?p=3333\">No 15<\/a> de la revue de l&rsquo;APP : <a href=\"http:\/\/www.analysedepratique.org\/?p=3345\">formation \u00e0 la HEP Vaud<\/a> et <a href=\"http:\/\/www.analysedepratique.org\/?p=3371\">formation \u00e0 la HEP BEJUNE<\/a>)<br \/>\n&#8211; Accompagnement pour les professionnels et les cadres, consultation pour les \u00e9tablissements scolaires<br \/>\n&#8211; Animation de groupes (analyse de pratiques, supervision, constitution d&rsquo;\u00e9quipe, conduite de projet, etc.)<br \/>\n&#8211; D\u00e9veloppement de mod\u00e8les et d&rsquo;interventions dans les domaines de la coop\u00e9ration et de l&rsquo;intelligence collective (<a href=\"https:\/\/cooperer.org\" target=\"_blank\" rel=\"noopener noreferrer\">cooperer.org<\/a>)<\/p>\n<p><em>Travail et liens avec l&rsquo;analyse de pratiques<\/em><\/p>\n<p>Depuis 1989, j&rsquo;anime chaque ann\u00e9e une dizaine de groupes d&rsquo;analyse de pratiques professionnelles dans divers milieux de Suisse romande, notamment pour les cadres.<br \/>\nDepuis 1999, je forme \u00e0 l&rsquo;animation de groupes d\u2019APP et j&rsquo;ai publi\u00e9 une quarantaine d&rsquo;articles de r\u00e9flexion en lien avec mes exp\u00e9riences et les d\u00e9marches dans l&rsquo;APP et l&rsquo;accompagnement (la plupart sont parus dans la revue de l&rsquo;analyse de pratiques ; voir <a href=\"https:\/\/www.analysedepratique.org\/?cat=8\">liste<\/a>).<br \/>\nDepuis 2010, je supervise des animateurs de groupe d&rsquo;APP (en individuel et en groupe).<br \/>\nJe travaille plus particuli\u00e8rement en APP dans une perspective d&rsquo;accompagnement et de d\u00e9veloppement de la r\u00e9flexivit\u00e9 et de l&rsquo;intelligence collective en APP (voir <a href=\"http:\/\/www.analysedepratique.org\/?p=3716\">article<\/a>).<br \/>\nEn collaboration avec Sephora Boucenna et Yann Vacher, nous r\u00e9digeons actuellement un ouvrage sur l&rsquo;analyse de pratiques comme moyen de d\u00e9velopper le pouvoir d&rsquo;agir individuel et collectif.<\/p>\n<p id=\"yv\"><span style=\"color: #ffffff;\">*<\/span><\/p>\n<p><strong>Yann VACHER <\/strong>(cofondateur et coresponsable actuel de la revue)<\/p>\n<p>Formateur et chercheur, Universit\u00e9 de Corse<br \/>\nE-mail : <strong><a href=\"mailto:vacher@univ-corse.fr\">vacher[arobase]univ-corse.fr<\/a><\/strong><\/p>\n<p><em>Formation et parcours professionnel<\/em><\/p>\n<p>Apr\u00e8s une formation initiale en \u00e9ducation physique et sportive et le concours de l\u2019agr\u00e9gation, orientation vers les sciences de l\u2019\u00e9ducation. Tout d\u2019abord dans le montage de dispositifs en formation initiale des professeurs d\u00e9butants et en formation continue des conseillers p\u00e9dagogiques puis \u00e0 travers une th\u00e8se portant sur la professionnalisation et la pratique r\u00e9flexive chez les enseignants. Diverses fonctions : responsable des \u00e9tudes, directeur de centre IUFM.<\/p>\n<p><em>Fonctions et activit\u00e9s actuelles<\/em><\/p>\n<p>Universit\u00e9 de Corse, formateur \u00e0 l\u2019Ecole Sup\u00e9rieure du Professorat et de l\u2019Education, membre du r\u00e9seau national des r\u00e9f\u00e9rents \u00ab formateur de formateurs \u00bb et charg\u00e9 de mission master \u00ab ing\u00e9nierie de la formation \u00bb. Poursuite des recherches sur la professionnalisation.<\/p>\n<p><em>Travail et liens avec l&rsquo;analyse de pratiques<\/em><\/p>\n<p>Les travaux de th\u00e8se ont \u00e9t\u00e9 l\u2019occasion de l\u2019analyse des effets du dispositif ARPPEGE cr\u00e9\u00e9 en 2006. Il vise une entr\u00e9e des participants \u00ab en transition \u00bb dans le monde de l\u2019analyse de pratiques. Concepteur puis animateur du dispositif depuis 2007 au sein de l\u2019IUFM, ce dispositif fait aussi l\u2019objet de pr\u00e9sentation en France et \u00e0 l\u2019\u00e9tranger (formations, colloques). L\u2019APP, sous des formes diverses, constitue une part importante de mes interventions en formation initiale et continue des enseignants. Membre du r\u00e9seau GFAPP.<\/p>\n<p>&nbsp;<\/p>\n<div id=\"themify_builder_content-117\" data-postid=\"117\" class=\"themify_builder_content themify_builder_content-117 themify_builder themify_builder_front\">\n\n\t<\/div>\n<!-- \/themify_builder_content -->","protected":false},"excerpt":{"rendered":"<p>La revue de l&rsquo;analyse de pratiques professionnelles (APP) a \u00e9t\u00e9 fond\u00e9e en 2013 par : Jean Chocat, Eric Drutel, Maryline Luret-Berthon, Philippe P\u00e9aud, Patrick Robo, Marc Thi\u00e9baud et Yann Vacher. Elle est actuellement cog\u00e9r\u00e9e par sept responsables, qui sont, \u00e0 des degr\u00e9s divers, praticiens, animateurs, chercheurs et auteurs dans le domaine de l&rsquo;APP : Caroline [&hellip;]<\/p>\n","protected":false},"author":2,"featured_media":0,"parent":0,"menu_order":7,"comment_status":"open","ping_status":"open","template":"","meta":{"footnotes":""},"class_list":["post-117","page","type-page","status-publish","hentry","has-post-title","no-post-date","has-post-category","has-post-tag","has-post-comment","has-post-author"],"jetpack_shortlink":"https:\/\/wp.me\/P3VXfJ-1T","jetpack_sharing_enabled":true,"_links":{"self":[{"href":"https:\/\/www.analysedepratique.org\/index.php?rest_route=\/wp\/v2\/pages\/117","targetHints":{"allow":["GET"]}}],"collection":[{"href":"https:\/\/www.analysedepratique.org\/index.php?rest_route=\/wp\/v2\/pages"}],"about":[{"href":"https:\/\/www.analysedepratique.org\/index.php?rest_route=\/wp\/v2\/types\/page"}],"author":[{"embeddable":true,"href":"https:\/\/www.analysedepratique.org\/index.php?rest_route=\/wp\/v2\/users\/2"}],"replies":[{"embeddable":true,"href":"https:\/\/www.analysedepratique.org\/index.php?rest_route=%2Fwp%2Fv2%2Fcomments&post=117"}],"version-history":[{"count":59,"href":"https:\/\/www.analysedepratique.org\/index.php?rest_route=\/wp\/v2\/pages\/117\/revisions"}],"predecessor-version":[{"id":5262,"href":"https:\/\/www.analysedepratique.org\/index.php?rest_route=\/wp\/v2\/pages\/117\/revisions\/5262"}],"wp:attachment":[{"href":"https:\/\/www.analysedepratique.org\/index.php?rest_route=%2Fwp%2Fv2%2Fmedia&parent=117"}],"curies":[{"name":"wp","href":"https:\/\/api.w.org\/{rel}","templated":true}]}}